{"id":1464,"date":"2025-03-10T11:11:31","date_gmt":"2025-03-10T10:11:31","guid":{"rendered":"https:\/\/portesendins.com\/botiga\/sin%20categor\u00eda\/compresas-de-tela\/"},"modified":"2025-09-15T13:25:50","modified_gmt":"2025-09-15T11:25:50","slug":"compresas-de-tela","status":"publish","type":"product","link":"https:\/\/portesendins.com\/es\/tienda\/de-viaje\/compresas-de-tela\/","title":{"rendered":"Compresas de tela reutilizables \u2013 diferentes tama\u00f1os"},"content":{"rendered":"<p>[et_pb_section fb_built=\u00bb1&#8243; _builder_version=\u00bb4.16&#8243; custom_padding=\u00bb0px||||false|false\u00bb global_colors_info=\u00bb{}\u00bb][et_pb_row column_structure=\u00bb1_2,1_2&#8243; _builder_version=\u00bb4.27.2&#8243; background_size=\u00bbinitial\u00bb background_position=\u00bbtop_left\u00bb background_repeat=\u00bbrepeat\u00bb width=\u00bb95%\u00bb width_tablet=\u00bb100%\u00bb width_phone=\u00bb100%\u00bb width_last_edited=\u00bbon|phone\u00bb max_width=\u00bb2560px\u00bb global_colors_info=\u00bb{}\u00bb][et_pb_column type=\u00bb1_2&#8243; _builder_version=\u00bb4.27.2&#8243; custom_padding=\u00bb|||\u00bb global_colors_info=\u00bb{}\u00bb custom_padding__hover=\u00bb|||\u00bb][et_pb_tabs active_tab_text_color=\u00bb#3E1310&#8243; admin_label=\u00bbInformaci\u00f3 addicional i instruccions de neteja\u00bb _builder_version=\u00bb4.27.4&#8243; _module_preset=\u00bbdefault\u00bb tab_text_color=\u00bb#A8846A\u00bb tab_font=\u00bb&#8211;et_global_heading_font|700|||||||\u00bb tab_font_size=\u00bb20px\u00bb global_colors_info=\u00bb{}\u00bb][et_pb_tab title=\u00bbInformaci\u00f3n adicional\u00bb _builder_version=\u00bb4.27.4&#8243; _module_preset=\u00bbdefault\u00bb global_colors_info=\u00bb{}\u00bb]Fabricadas por MIMARMEMOLA<\/p>\n<ul>\n<li>Medidas:\n<ul>\n<li>MINI\n<ul>\n<li>17cm de largo<\/li>\n<li>15cm ancho desplegada<\/li>\n<li>13cm largo absorbente<\/li>\n<li>6cm ancho plegada<\/li>\n<\/ul>\n<\/li>\n<li>MIDI\n<ul>\n<li>21cm de largo<\/li>\n<li>17cm ancho desplegada<\/li>\n<li>17cm largo absorbente<\/li>\n<li>7cm ancho plegada<\/li>\n<\/ul>\n<\/li>\n<li>PLUS\n<ul>\n<li>24cm de largo<\/li>\n<li>21cm ancho desplegada<\/li>\n<li>21cm largo absorbente<\/li>\n<li>7cm ancho plegada<\/li>\n<\/ul>\n<\/li>\n<\/ul>\n<\/li>\n<li>Exterior: 100% algod\u00f3n<\/li>\n<li>Interior: Rizo de bamb\u00fa i PUL<\/li>\n<\/ul>\n<p>[\/et_pb_tab][et_pb_tab title=\u00bbInstrucciones de limpieza\u00bb _builder_version=\u00bb4.27.4&#8243; _module_preset=\u00bbdefault\u00bb global_colors_info=\u00bb{}\u00bb]<\/p>\n<ol>\n<li>1. Poner en remojo en agua fr\u00eda para evitar manchas.<\/li>\n<li>2. Lavar a m\u00e1quina con agua fr\u00eda (el agua caliente fija las manchas).<\/li>\n<li>3. Tender en la sombra.<\/li>\n<\/ol>\n<p>Consejos para lavar compresas reutilizables:<\/p>\n<ul>\n<li>Despu\u00e9s de estar en remojo, frotar con nuestra pastilla de jab\u00f3n antes de poner en la lavadora.<\/li>\n<li>Despu\u00e9s de lavar, dejar que se seque completamente (por dentro y por fuera) antes de doblarla y guardarla.<\/li>\n<li>Usa el jab\u00f3n para ropa Portes Endins o otro jab\u00f3n natural.<\/li>\n<li>No utilices suavizante, lej\u00eda ni otros blanqueantes.<\/li>\n<\/ul>\n<p>[\/et_pb_tab][\/et_pb_tabs][\/et_pb_column][et_pb_column type=\u00bb1_2&#8243; _builder_version=\u00bb4.16&#8243; custom_padding=\u00bb|||\u00bb global_colors_info=\u00bb{}\u00bb custom_padding__hover=\u00bb|||\u00bb][et_pb_text admin_label=\u00bbTEXT &#8211; Tots els productes de Portes Endins estan dissenyats i fabricats artesanalment per professionals locals\u00bb _builder_version=\u00bb4.27.4&#8243; _module_preset=\u00bbdefault\u00bb text_font=\u00bb&#8211;et_global_heading_font||||||||\u00bb text_text_color=\u00bb#3E1310&#8243; text_font_size=\u00bb2em\u00bb text_line_height=\u00bb1.2em\u00bb locked=\u00bboff\u00bb global_colors_info=\u00bb{}\u00bb]Todos los productos de Portes Endins est\u00e1n dise\u00f1ados y fabricados artesanalmente por profesionales locales<br \/>\n[\/et_pb_text][et_pb_video src=\u00bbhttps:\/\/portesendins.com\/wp-content\/uploads\/Necesser-SORT-Fet-a-ma.mp4&#8243; admin_label=\u00bbV\u00eddeo make in off\u00bb _builder_version=\u00bb4.27.2&#8243; _module_preset=\u00bbdefault\u00bb global_colors_info=\u00bb{}\u00bb][\/et_pb_video][\/et_pb_column][\/et_pb_row][\/et_pb_section]<\/p>\n","protected":false},"excerpt":{"rendered":"<p>Compresas de tela reutilizables hechas a mano con mucho mimo en Lleida. Fabricadas con tela de algod\u00f3n y micro pana super suave, son una alternativa bella y sostenible a las compresas desechables. Los tejidos naturales proporcionan m\u00e1s absorci\u00f3n y comodidad sin usar qu\u00edmicos nocivos. La micro pana evita la irritaci\u00f3n de la piel y absorbe el l\u00edquido r\u00e1pidamente. Puedes usar nuestras compresas de tela para la menstruaci\u00f3n, incontinencia leve o como salvaslip.    <\/p>\n<p>Tenemos 3 medidas diferentes, dependiendo de tus necesidades:<\/p>\n<ul>\n<li>MINI: 17 cm<\/li>\n<li>MIDI: 21 cm<\/li>\n<li>PLUS: 24 cm<\/li>\n<\/ul>\n<p>Al elegir compresas reutilizables te cuidas a ti misma y al planeta. \u00a1Y ahorras dinero! <\/p>\n<ul>\n<li>Libres de sustancias t\u00f3xicas y qu\u00edmicos nocivos<\/li>\n<li>Suaves, c\u00f3modas y absorbentes<\/li>\n<li>Materiales duraderos y f\u00e1ciles de lavar<\/li>\n<li>Colores vibrantes y duraderos<\/li>\n<li>Hechas a mano en Lleida<\/li>\n<\/ul>\n<p>C\u00f3mo usar tu compresa reutilizable:<\/p>\n<ul>\n<li>Coloca la compresa en la braguita, centrada.<\/li>\n<li>Envuelve las alas alrededor y cierra los checks.<\/li>\n<li>C\u00e1mbiala seg\u00fan sea necesario, al menos cada 12 horas.<\/li>\n<\/ul>\n<p>\u00bfCu\u00e1ntas compresas necesito?<\/p>\n<p>T\u00fa conoces tu cuerpo mejor que nadie, pero ten en cuenta que normalmente se usan 10 y 15 compresas por ciclo menstrual. Si tienes dudas, puedes empezar con: <\/p>\n<ul>\n<li>2 compresas MIDI por d\u00eda de menstruaci\u00f3n<\/li>\n<li>1 compresa PLUS por noche de menstruaci\u00f3n<\/li>\n<li>1 compresa MINI por d\u00eda de flujo ligero<\/li>\n<\/ul>\n","protected":false},"featured_media":1030,"comment_status":"open","ping_status":"closed","template":"","meta":{"_et_pb_use_builder":"on","_et_pb_old_content":"","_et_gb_content_width":""},"product_brand":[],"product_cat":[57,55],"product_tag":[],"class_list":{"0":"post-1464","1":"product","2":"type-product","3":"status-publish","4":"has-post-thumbnail","6":"product_cat-hogar","7":"product_cat-de-viaje","9":"first","10":"instock","11":"taxable","12":"shipping-taxable","13":"purchasable","14":"product-type-variable"},"_links":{"self":[{"href":"https:\/\/portesendins.com\/es\/wp-json\/wp\/v2\/product\/1464","targetHints":{"allow":["GET"]}}],"collection":[{"href":"https:\/\/portesendins.com\/es\/wp-json\/wp\/v2\/product"}],"about":[{"href":"https:\/\/portesendins.com\/es\/wp-json\/wp\/v2\/types\/product"}],"replies":[{"embeddable":true,"href":"https:\/\/portesendins.com\/es\/wp-json\/wp\/v2\/comments?post=1464"}],"wp:featuredmedia":[{"embeddable":true,"href":"https:\/\/portesendins.com\/es\/wp-json\/wp\/v2\/media\/1030"}],"wp:attachment":[{"href":"https:\/\/portesendins.com\/es\/wp-json\/wp\/v2\/media?parent=1464"}],"wp:term":[{"taxonomy":"product_brand","embeddable":true,"href":"https:\/\/portesendins.com\/es\/wp-json\/wp\/v2\/product_brand?post=1464"},{"taxonomy":"product_cat","embeddable":true,"href":"https:\/\/portesendins.com\/es\/wp-json\/wp\/v2\/product_cat?post=1464"},{"taxonomy":"product_tag","embeddable":true,"href":"https:\/\/portesendins.com\/es\/wp-json\/wp\/v2\/product_tag?post=1464"}],"curies":[{"name":"wp","href":"https:\/\/api.w.org\/{rel}","templated":true}]}}